{"id":613,"date":"2020-07-19T22:00:37","date_gmt":"2020-07-19T20:00:37","guid":{"rendered":"https:\/\/www.viktoriamitte.de\/flowmetest\/wordpress\/?page_id=613"},"modified":"2026-04-10T13:57:47","modified_gmt":"2026-04-10T11:57:47","slug":"kinderschutz","status":"publish","type":"page","link":"https:\/\/www.viktoriamitte.de\/ar\/kinderschutz\/","title":{"rendered":"\u062d\u0645\u0627\u064a\u0629 \u0627\u0644\u0637\u0641\u0644"},"content":{"rendered":"<div data-elementor-type=\"wp-page\" data-elementor-id=\"613\" class=\"elementor elementor-613\">\n\t\t\t\t\t\t<section class=\"elementor-section elementor-top-section elementor-element elementor-element-29c2a9d elementor-section-boxed elementor-section-height-default elementor-section-height-default\" data-id=\"29c2a9d\" data-element_type=\"section\" data-e-type=\"section\">\n\t\t\t\t\t\t<div class=\"elementor-container elementor-column-gap-default\">\n\t\t\t\t\t<div class=\"elementor-column elementor-col-100 elementor-top-column elementor-element elementor-element-98a966a\" data-id=\"98a966a\" data-element_type=\"column\" data-e-type=\"column\">\n\t\t\t<div class=\"elementor-widget-wrap elementor-element-populated\">\n\t\t\t\t\t\t<div class=\"elementor-element elementor-element-bf99b5f elementor-widget elementor-widget-heading\" data-id=\"bf99b5f\" data-element_type=\"widget\" data-e-type=\"widget\" data-widget_type=\"heading.default\">\n\t\t\t\t\t<h1 class=\"elementor-heading-title elementor-size-default\">Kinderschutz bei Viktoria Mitte<\/h1>\t\t\t\t<\/div>\n\t\t\t\t\t<\/div>\n\t\t<\/div>\n\t\t\t\t\t<\/div>\n\t\t<\/section>\n\t\t\t\t<section class=\"elementor-section elementor-top-section elementor-element elementor-element-89a79d7 elementor-section-boxed elementor-section-height-default elementor-section-height-default\" data-id=\"89a79d7\" data-element_type=\"section\" data-e-type=\"section\">\n\t\t\t\t\t\t<div class=\"elementor-container elementor-column-gap-default\">\n\t\t\t\t\t<div class=\"elementor-column elementor-col-100 elementor-top-column elementor-element elementor-element-02a3b3b\" data-id=\"02a3b3b\" data-element_type=\"column\" data-e-type=\"column\">\n\t\t\t<div class=\"elementor-widget-wrap elementor-element-populated\">\n\t\t\t\t\t\t<div class=\"elementor-element elementor-element-4d7f895 elementor-widget elementor-widget-text-editor\" data-id=\"4d7f895\" data-element_type=\"widget\" data-e-type=\"widget\" data-widget_type=\"text-editor.default\">\n\t\t\t\t\t\t\t\t\t<p><strong>Viktoria Mitte ist sich als Sportverein der besonderen Verantwortung im Umgang mit Kindern und Jugendlichen bewusst.<\/strong><\/p><p>Wir m\u00f6chten die Aufmerksamkeit f\u00fcr Probleme sch\u00e4rfen und Ma\u00dfnahmen zum Schutz von Kindern und Jugendlichen konsequent umsetzen. Ein Schutzschirm im Verein kann nur funktionieren, wenn wir intern die Voraussetzungen zum Schutz erf\u00fcllen und eine Kultur der Aufmerksamkeit und des Hinsehens etablieren.<\/p><p>Unser <a href=\"https:\/\/www.viktoriamitte.de\/wp-content\/uploads\/2025\/05\/Kinderschutzkonzept.pdf\"><strong>Kinderschutzkonzept<\/strong><\/a> \u2013 hier informieren wir euch.<\/p>\t\t\t\t\t\t\t\t<\/div>\n\t\t\t\t\t<\/div>\n\t\t<\/div>\n\t\t\t\t\t<\/div>\n\t\t<\/section>\n\t\t\t\t<section class=\"elementor-section elementor-top-section elementor-element elementor-element-9391a27 elementor-section-boxed elementor-section-height-default elementor-section-height-default\" data-id=\"9391a27\" data-element_type=\"section\" data-e-type=\"section\">\n\t\t\t\t\t\t<div class=\"elementor-container elementor-column-gap-default\">\n\t\t\t\t\t<div class=\"elementor-column elementor-col-100 elementor-top-column elementor-element elementor-element-348ae0f\" data-id=\"348ae0f\" data-element_type=\"column\" data-e-type=\"column\">\n\t\t\t<div class=\"elementor-widget-wrap elementor-element-populated\">\n\t\t\t\t\t\t<div class=\"elementor-element elementor-element-68b35b3 elementor-widget elementor-widget-heading\" data-id=\"68b35b3\" data-element_type=\"widget\" data-e-type=\"widget\" data-widget_type=\"heading.default\">\n\t\t\t\t\t<h2 class=\"elementor-heading-title elementor-size-default\">Unsere Haltung<\/h2>\t\t\t\t<\/div>\n\t\t\t\t\t<\/div>\n\t\t<\/div>\n\t\t\t\t\t<\/div>\n\t\t<\/section>\n\t\t\t\t<section class=\"elementor-section elementor-top-section elementor-element elementor-element-10a010b elementor-section-boxed elementor-section-height-default elementor-section-height-default\" data-id=\"10a010b\" data-element_type=\"section\" data-e-type=\"section\">\n\t\t\t\t\t\t<div class=\"elementor-container elementor-column-gap-default\">\n\t\t\t\t\t<div class=\"elementor-column elementor-col-100 elementor-top-column elementor-element elementor-element-32236aa\" data-id=\"32236aa\" data-element_type=\"column\" data-e-type=\"column\">\n\t\t\t<div class=\"elementor-widget-wrap elementor-element-populated\">\n\t\t\t\t\t\t<div class=\"elementor-element elementor-element-f385a62 elementor-widget elementor-widget-text-editor\" data-id=\"f385a62\" data-element_type=\"widget\" data-e-type=\"widget\" data-widget_type=\"text-editor.default\">\n\t\t\t\t\t\t\t\t\t<p><strong>Potenziell lauert im gesamten Umfeld eines Kindes Gefahr.<\/strong> Wir verfolgen hier die Pr\u00e4vention zum Schutz und die Intervention bei Gef\u00e4hrdungen des Kindeswohls.<\/p>\n\n<p>Wir haben gesonderte Ma\u00dfnahmen f\u00fcr den Umgang mit Kindern und Jugendlichen getroffen und appellieren an alle f\u00fcr den Verein T\u00e4tigen, gegen jede Form von Gewalt, Diskriminierung, Rassismus und Sexismus aktiv vorzugehen.<\/p>\n\n<p>Wir verlangen die regelm\u00e4\u00dfige Vorlage des erweiterten F\u00fchrungszeugnisses und erwarten, dass sich alle aus unserem Team zum <a href=\"https:\/\/www.lsb-berlin.de\/fileadmin\/redaktion\/landessportbund\/sportschule\/vm\/Ehrenkodex_Sportjugend_Berlin.pdf\" target=\"_blank\" rel=\"noopener\"><strong>Ehrenkodex<\/strong><\/a> und zum <a href=\"https:\/\/www.viktoriamitte.de\/wp-content\/uploads\/2025\/11\/Verhaltenskodex-LSB.pdf\" target=\"_blank\" rel=\"noopener\"><strong>Verhaltenskodex<\/strong><\/a> bekennen sowie die <a href=\"https:\/\/www.viktoriamitte.de\/wp-content\/uploads\/2025\/11\/Selbstverpflichtungserklaerungen-LSBB-Viktoria-Mitte.pdf\" target=\"_blank\" rel=\"noopener\"><strong>Selbstverpflichtungserkl\u00e4rungen \u00fcber Verurteilungen und anh\u00e4ngige Verfahren<\/strong><\/a> unterschreiben.<\/p>\t\t\t\t\t\t\t\t<\/div>\n\t\t\t\t\t<\/div>\n\t\t<\/div>\n\t\t\t\t\t<\/div>\n\t\t<\/section>\n\t\t\t\t<section class=\"elementor-section elementor-top-section elementor-element elementor-element-92047b9 elementor-section-boxed elementor-section-height-default elementor-section-height-default\" data-id=\"92047b9\" data-element_type=\"section\" data-e-type=\"section\">\n\t\t\t\t\t\t<div class=\"elementor-container elementor-column-gap-default\">\n\t\t\t\t\t<div class=\"elementor-column elementor-col-100 elementor-top-column elementor-element elementor-element-924a37b\" data-id=\"924a37b\" data-element_type=\"column\" data-e-type=\"column\">\n\t\t\t<div class=\"elementor-widget-wrap elementor-element-populated\">\n\t\t\t\t\t\t<div class=\"elementor-element elementor-element-e75ae6d elementor-widget elementor-widget-heading\" data-id=\"e75ae6d\" data-element_type=\"widget\" data-e-type=\"widget\" data-widget_type=\"heading.default\">\n\t\t\t\t\t<h2 class=\"elementor-heading-title elementor-size-default\">\u062e\u062a\u0645 \u062d\u0645\u0627\u064a\u0629 \u0627\u0644\u0637\u0641\u0644<\/h2>\t\t\t\t<\/div>\n\t\t\t\t\t<\/div>\n\t\t<\/div>\n\t\t\t\t\t<\/div>\n\t\t<\/section>\n\t\t\t\t<section class=\"elementor-section elementor-top-section elementor-element elementor-element-bcfeee4 elementor-section-boxed elementor-section-height-default elementor-section-height-default\" data-id=\"bcfeee4\" data-element_type=\"section\" data-e-type=\"section\">\n\t\t\t\t\t\t<div class=\"elementor-container elementor-column-gap-default\">\n\t\t\t\t\t<div class=\"elementor-column elementor-col-100 elementor-top-column elementor-element elementor-element-2235145\" data-id=\"2235145\" data-element_type=\"column\" data-e-type=\"column\">\n\t\t\t<div class=\"elementor-widget-wrap elementor-element-populated\">\n\t\t\t\t\t\t<div class=\"elementor-element elementor-element-8be7003 elementor-widget elementor-widget-text-editor\" data-id=\"8be7003\" data-element_type=\"widget\" data-e-type=\"widget\" data-widget_type=\"text-editor.default\">\n\t\t\t\t\t\t\t\t\t<p>Ende 2020 hat der Landessportbund Berlin das <a href=\"https:\/\/www.lsb-berlin.de\/themenwelten\/kinderschutz\/siegel\" target=\"_blank\" rel=\"noopener\"><strong>\u062e\u062a\u0645 \u062d\u0645\u0627\u064a\u0629 \u0627\u0644\u0637\u0641\u0644<\/strong><\/a> vorgestellt. Seitdem arbeiten wir daran, alle Empfehlungen konsequent im Verein umzusetzen und unser Engagement im <a href=\"https:\/\/www.kinderschutz-im-sport-berlin.de\/\" target=\"_blank\" rel=\"noopener\"><strong>Kinderschutz im Sport<\/strong><\/a> stetig zu erweitern.<\/p>\n\n<p>Im Februar 2025 haben wir den <a href=\"https:\/\/www.viktoriamitte.de\/wp-content\/uploads\/2025\/03\/Kinderschutzsiegelbescheid19022025.pdf\" target=\"_blank\" rel=\"noopener\"><strong>Kinderschutzsiegelbescheid<\/strong><\/a> erhalten. Das Siegel ist vom 01.03.2025 bis 01.03.2030 g\u00fcltig.<\/p>\n\n<p>Alle zwei Jahre m\u00fcssen wir zudem den Nachweis \u00fcber aktuelle Schulungen im Bereich Kinderschutz beim Landessportbund Berlin vorlegen.<\/p>\t\t\t\t\t\t\t\t<\/div>\n\t\t\t\t\t<\/div>\n\t\t<\/div>\n\t\t\t\t\t<\/div>\n\t\t<\/section>\n\t\t\t\t<section class=\"elementor-section elementor-top-section elementor-element elementor-element-55e12cd elementor-section-boxed elementor-section-height-default elementor-section-height-default\" data-id=\"55e12cd\" data-element_type=\"section\" data-e-type=\"section\">\n\t\t\t\t\t\t<div class=\"elementor-container elementor-column-gap-default\">\n\t\t\t\t\t<div class=\"elementor-column elementor-col-100 elementor-top-column elementor-element elementor-element-cb34895\" data-id=\"cb34895\" data-element_type=\"column\" data-e-type=\"column\">\n\t\t\t<div class=\"elementor-widget-wrap elementor-element-populated\">\n\t\t\t\t\t\t<div class=\"elementor-element elementor-element-33e894e elementor-widget elementor-widget-heading\" data-id=\"33e894e\" data-element_type=\"widget\" data-e-type=\"widget\" data-widget_type=\"heading.default\">\n\t\t\t\t\t<h2 class=\"elementor-heading-title elementor-size-default\">Aufgaben der Kinderschutzbeauftragten<\/h2>\t\t\t\t<\/div>\n\t\t\t\t\t<\/div>\n\t\t<\/div>\n\t\t\t\t\t<\/div>\n\t\t<\/section>\n\t\t\t\t<section class=\"elementor-section elementor-top-section elementor-element elementor-element-58d25d6 elementor-section-boxed elementor-section-height-default elementor-section-height-default\" data-id=\"58d25d6\" data-element_type=\"section\" data-e-type=\"section\">\n\t\t\t\t\t\t<div class=\"elementor-container elementor-column-gap-default\">\n\t\t\t\t\t<div class=\"elementor-column elementor-col-100 elementor-top-column elementor-element elementor-element-ac06ef1\" data-id=\"ac06ef1\" data-element_type=\"column\" data-e-type=\"column\">\n\t\t\t<div class=\"elementor-widget-wrap elementor-element-populated\">\n\t\t\t\t\t\t<div class=\"elementor-element elementor-element-4f36ff3 elementor-widget elementor-widget-text-editor\" data-id=\"4f36ff3\" data-element_type=\"widget\" data-e-type=\"widget\" data-widget_type=\"text-editor.default\">\n\t\t\t\t\t\t\t\t\t<p>Laut Leitfaden <a href=\"https:\/\/www.lsb-berlin.de\/fileadmin\/redaktion\/landessportbund\/doc\/kinderschutz\/Infos_und_Material\/Handlungsleitfaden_Kinderschutz_LSB-Berlin.pdf\" target=\"_blank\" rel=\"noopener\"><strong>Kinderschutz im Berliner Sport<\/strong><\/a> k\u00fcmmern wir uns als Kinderschutzbeauftragte um alle Belange des Kinderschutzes und stimmen entsprechende Ma\u00dfnahmen mit dem Vorstand ab.<\/p>\n\n<p>Wir sind Vertrauenspersonen und Ansprechpartner f\u00fcr Kinder, Jugendliche, Eltern, \u00dcbungsleitende, Trainerinnen und Trainer sowie sonstige Vereinsmitglieder und arbeiten mit externen Fachstellen zusammen.<\/p>\t\t\t\t\t\t\t\t<\/div>\n\t\t\t\t\t<\/div>\n\t\t<\/div>\n\t\t\t\t\t<\/div>\n\t\t<\/section>\n\t\t\t\t<section class=\"elementor-section elementor-top-section elementor-element elementor-element-ff26d37 elementor-section-boxed elementor-section-height-default elementor-section-height-default\" data-id=\"ff26d37\" data-element_type=\"section\" data-e-type=\"section\">\n\t\t\t\t\t\t<div class=\"elementor-container elementor-column-gap-default\">\n\t\t\t\t\t<div class=\"elementor-column elementor-col-100 elementor-top-column elementor-element elementor-element-190ae18\" data-id=\"190ae18\" data-element_type=\"column\" data-e-type=\"column\">\n\t\t\t<div class=\"elementor-widget-wrap elementor-element-populated\">\n\t\t\t\t\t\t<div class=\"elementor-element elementor-element-8434f36 elementor-widget elementor-widget-text-editor\" data-id=\"8434f36\" data-element_type=\"widget\" data-e-type=\"widget\" data-widget_type=\"text-editor.default\">\n\t\t\t\t\t\t\t\t\t<ul>\n  <li>Einholen und Aufbereitung von Informationen zum Kinderschutz sowie zu Pr\u00e4vention und Intervention<\/li>\n  <li>Umsetzung von Ma\u00dfnahmen zur Sensibilisierung und zur Sicherstellung grundlegender Kinderschutzstandards<\/li>\n  <li>Koordination, Steuerung und Kontrolle der Schutzma\u00dfnahmen im Verein<\/li>\n  <li>Kommunikation relevanter Informationen an Vereinsmitglieder und Interessengruppen<\/li>\n  <li>Interne und externe \u00d6ffentlichkeitsarbeit zum Thema Kinderschutz<\/li>\n  <li>Beschwerdemanagement und Bearbeitung von Hinweisen<\/li>\n  <li>Dokumentation und Kontrolle der Vorlage von erweiterten F\u00fchrungszeugnissen<\/li>\n  <li>Zusammenarbeit mit dem Landessportbund Berlin und externen Fachstellen<\/li>\n  <li>Krisenintervention im Verdachtsfall<\/li>\n  <li>Teilnahme an Fort- und Weiterbildungen<\/li>\n<\/ul>\t\t\t\t\t\t\t\t<\/div>\n\t\t\t\t\t<\/div>\n\t\t<\/div>\n\t\t\t\t\t<\/div>\n\t\t<\/section>\n\t\t\t\t<section class=\"elementor-section elementor-top-section elementor-element elementor-element-3569b2d elementor-section-boxed elementor-section-height-default elementor-section-height-default\" data-id=\"3569b2d\" data-element_type=\"section\" data-e-type=\"section\">\n\t\t\t\t\t\t<div class=\"elementor-container elementor-column-gap-default\">\n\t\t\t\t\t<div class=\"elementor-column elementor-col-100 elementor-top-column elementor-element elementor-element-9f2f2eb\" data-id=\"9f2f2eb\" data-element_type=\"column\" data-e-type=\"column\">\n\t\t\t<div class=\"elementor-widget-wrap elementor-element-populated\">\n\t\t\t\t\t\t<div class=\"elementor-element elementor-element-f7e638a elementor-widget elementor-widget-heading\" data-id=\"f7e638a\" data-element_type=\"widget\" data-e-type=\"widget\" data-widget_type=\"heading.default\">\n\t\t\t\t\t<h2 class=\"elementor-heading-title elementor-size-default\">Netzwerk und Hilfe<\/h2>\t\t\t\t<\/div>\n\t\t\t\t\t<\/div>\n\t\t<\/div>\n\t\t\t\t\t<\/div>\n\t\t<\/section>\n\t\t\t\t<section class=\"elementor-section elementor-top-section elementor-element elementor-element-2808e9a elementor-section-boxed elementor-section-height-default elementor-section-height-default\" data-id=\"2808e9a\" data-element_type=\"section\" data-e-type=\"section\">\n\t\t\t\t\t\t<div class=\"elementor-container elementor-column-gap-default\">\n\t\t\t\t\t<div class=\"elementor-column elementor-col-100 elementor-top-column elementor-element elementor-element-69df0e2\" data-id=\"69df0e2\" data-element_type=\"column\" data-e-type=\"column\">\n\t\t\t<div class=\"elementor-widget-wrap elementor-element-populated\">\n\t\t\t\t\t\t<div class=\"elementor-element elementor-element-9f8c718 elementor-widget elementor-widget-text-editor\" data-id=\"9f8c718\" data-element_type=\"widget\" data-e-type=\"widget\" data-widget_type=\"text-editor.default\">\n\t\t\t\t\t\t\t\t\t<p>Unsere Kinderschutzbeauftragten stehen regelm\u00e4\u00dfig im Austausch mit Kinder- und Jugendschutzorganisationen. Viktoria Mitte ist Mitglied im <a href=\"https:\/\/www.kinderschutzbund-berlin.de\" target=\"_blank\" rel=\"noopener\"><strong>Deutschen Kinderschutzbund Landesverband Berlin e.V.<\/strong><\/a>.<\/p>\t\t\t\t\t\t\t\t<\/div>\n\t\t\t\t\t<\/div>\n\t\t<\/div>\n\t\t\t\t\t<\/div>\n\t\t<\/section>\n\t\t\t\t<section class=\"elementor-section elementor-top-section elementor-element elementor-element-04428cf elementor-section-boxed elementor-section-height-default elementor-section-height-default\" data-id=\"04428cf\" data-element_type=\"section\" data-e-type=\"section\">\n\t\t\t\t\t\t<div class=\"elementor-container elementor-column-gap-default\">\n\t\t\t\t\t<div class=\"elementor-column elementor-col-100 elementor-top-column elementor-element elementor-element-b72aabc\" data-id=\"b72aabc\" data-element_type=\"column\" data-e-type=\"column\">\n\t\t\t<div class=\"elementor-widget-wrap elementor-element-populated\">\n\t\t\t\t\t\t<div class=\"elementor-element elementor-element-c61b6f0 elementor-widget elementor-widget-heading\" data-id=\"c61b6f0\" data-element_type=\"widget\" data-e-type=\"widget\" data-widget_type=\"heading.default\">\n\t\t\t\t\t<h2 class=\"elementor-heading-title elementor-size-default\">Weitere Hilfeeinrichtungen<\/h2>\t\t\t\t<\/div>\n\t\t\t\t\t<\/div>\n\t\t<\/div>\n\t\t\t\t\t<\/div>\n\t\t<\/section>\n\t\t\t\t<section class=\"elementor-section elementor-top-section elementor-element elementor-element-b38b73a elementor-section-boxed elementor-section-height-default elementor-section-height-default\" data-id=\"b38b73a\" data-element_type=\"section\" data-e-type=\"section\">\n\t\t\t\t\t\t<div class=\"elementor-container elementor-column-gap-default\">\n\t\t\t\t\t<div class=\"elementor-column elementor-col-100 elementor-top-column elementor-element elementor-element-7f04323\" data-id=\"7f04323\" data-element_type=\"column\" data-e-type=\"column\">\n\t\t\t<div class=\"elementor-widget-wrap elementor-element-populated\">\n\t\t\t\t\t\t<div class=\"elementor-element elementor-element-d64816b elementor-widget elementor-widget-text-editor\" data-id=\"d64816b\" data-element_type=\"widget\" data-e-type=\"widget\" data-widget_type=\"text-editor.default\">\n\t\t\t\t\t\t\t\t\t<ul>\n \t<li><a href=\"https:\/\/www.kinderschutz-im-sport-berlin.de\/schnelle-hilfe\" target=\"_blank\" rel=\"noopener\">kinderschutz-im-sport-berlin.de\/schnelle-hilfe<\/a><\/li>\n \t<li><a href=\"https:\/\/www.ansprechstelle-safe-sport.de\/\" target=\"_blank\" rel=\"noopener\">ansprechstelle-safe-sport.de<\/a><\/li>\n<\/ul>\t\t\t\t\t\t\t\t<\/div>\n\t\t\t\t\t<\/div>\n\t\t<\/div>\n\t\t\t\t\t<\/div>\n\t\t<\/section>\n\t\t\t\t<section class=\"elementor-section elementor-top-section elementor-element elementor-element-96c421c elementor-section-boxed elementor-section-height-default elementor-section-height-default\" data-id=\"96c421c\" data-element_type=\"section\" data-e-type=\"section\">\n\t\t\t\t\t\t<div class=\"elementor-container elementor-column-gap-default\">\n\t\t\t\t\t<div class=\"elementor-column elementor-col-100 elementor-top-column elementor-element elementor-element-fc49236\" data-id=\"fc49236\" data-element_type=\"column\" data-e-type=\"column\">\n\t\t\t<div class=\"elementor-widget-wrap\">\n\t\t\t\t\t\t\t<\/div>\n\t\t<\/div>\n\t\t\t\t\t<\/div>\n\t\t<\/section>\n\t\t\t\t<section class=\"elementor-section elementor-top-section elementor-element elementor-element-6938625 elementor-section-boxed elementor-section-height-default elementor-section-height-default\" data-id=\"6938625\" data-element_type=\"section\" data-e-type=\"section\">\n\t\t\t\t\t\t<div class=\"elementor-container elementor-column-gap-default\">\n\t\t\t\t\t<div class=\"elementor-column elementor-col-100 elementor-top-column elementor-element elementor-element-dcbeacb\" data-id=\"dcbeacb\" data-element_type=\"column\" data-e-type=\"column\">\n\t\t\t<div class=\"elementor-widget-wrap elementor-element-populated\">\n\t\t\t\t\t\t<div class=\"elementor-element elementor-element-155e17d elementor-widget elementor-widget-spacer\" data-id=\"155e17d\" data-element_type=\"widget\" data-e-type=\"widget\" data-widget_type=\"spacer.default\">\n\t\t\t\t\t\t\t<div class=\"elementor-spacer\">\n\t\t\t<div class=\"elementor-spacer-inner\"><\/div>\n\t\t<\/div>\n\t\t\t\t\t\t<\/div>\n\t\t\t\t\t<\/div>\n\t\t<\/div>\n\t\t\t\t\t<\/div>\n\t\t<\/section>\n\t\t\t\t<section class=\"elementor-section elementor-top-section elementor-element elementor-element-77d80e5 elementor-section-boxed elementor-section-height-default elementor-section-height-default\" data-id=\"77d80e5\" data-element_type=\"section\" data-e-type=\"section\" data-settings=\"{&quot;background_background&quot;:&quot;classic&quot;}\">\n\t\t\t\t\t\t<div class=\"elementor-container elementor-column-gap-default\">\n\t\t\t\t\t<div class=\"elementor-column elementor-col-100 elementor-top-column elementor-element elementor-element-590d346c\" data-id=\"590d346c\" data-element_type=\"column\" data-e-type=\"column\">\n\t\t\t<div class=\"elementor-widget-wrap elementor-element-populated\">\n\t\t\t\t\t\t<div class=\"elementor-element elementor-element-db66bde elementor-widget elementor-widget-spacer\" data-id=\"db66bde\" data-element_type=\"widget\" data-e-type=\"widget\" data-widget_type=\"spacer.default\">\n\t\t\t\t\t\t\t<div class=\"elementor-spacer\">\n\t\t\t<div class=\"elementor-spacer-inner\"><\/div>\n\t\t<\/div>\n\t\t\t\t\t\t<\/div>\n\t\t\t\t<div class=\"elementor-element elementor-element-e5b6cda elementor-widget elementor-widget-text-editor\" data-id=\"e5b6cda\" data-element_type=\"widget\" data-e-type=\"widget\" data-widget_type=\"text-editor.default\">\n\t\t\t\t\t\t\t\t\t<p>Seit dem 01. Januar 2022 sind wir Mitglied im <strong><a href=\"https:\/\/www.bundesverband-gewaltpraevention.de\/\">Bundesverband Gewaltpr\u00e4vention<\/a>.<\/strong>\u00a0<\/p><p>Seit dem 01. Oktober 2023 sind wir \u00f6ffentlich anerkannter Tr\u00e4ger der freien Jugendhilfe nach \u00a775 KJHG (Kinder- und Jugendhilfegesetz)<\/p>\t\t\t\t\t\t\t\t<\/div>\n\t\t\t\t<div class=\"elementor-element elementor-element-a8c574f elementor-widget__width-initial elementor-widget elementor-widget-image\" data-id=\"a8c574f\" data-element_type=\"widget\" data-e-type=\"widget\" data-widget_type=\"image.default\">\n\t\t\t\t\t\t\t\t\t\t\t\t\t\t\t\t<a href=\"https:\/\/www.bundesverband-gewaltpraevention.de\/\">\n\t\t\t\t\t\t\t<img fetchpriority=\"high\" decoding=\"async\" width=\"290\" height=\"279\" src=\"https:\/\/www.viktoriamitte.de\/wp-content\/uploads\/2022\/01\/BundesverbandGewaltpraeventionDruckRuecken1-286w.webp\" class=\"attachment-2048x2048 size-2048x2048 wp-image-6804\" alt=\"\" srcset=\"https:\/\/www.viktoriamitte.de\/wp-content\/uploads\/2022\/01\/BundesverbandGewaltpraeventionDruckRuecken1-286w.webp 290w, https:\/\/www.viktoriamitte.de\/wp-content\/uploads\/2022\/01\/BundesverbandGewaltpraeventionDruckRuecken1-286w-12x12.webp 12w\" sizes=\"(max-width: 290px) 100vw, 290px\" \/>\t\t\t\t\t\t\t\t<\/a>\n\t\t\t\t\t\t\t\t\t\t\t\t\t\t\t<\/div>\n\t\t\t\t<div class=\"elementor-element elementor-element-2d17bfd elementor-widget-divider--view-line elementor-widget elementor-widget-divider\" data-id=\"2d17bfd\" data-element_type=\"widget\" data-e-type=\"widget\" data-widget_type=\"divider.default\">\n\t\t\t\t\t\t\t<div class=\"elementor-divider\">\n\t\t\t<span class=\"elementor-divider-separator\">\n\t\t\t\t\t\t<\/span>\n\t\t<\/div>\n\t\t\t\t\t\t<\/div>\n\t\t\t\t<div class=\"elementor-element elementor-element-d8e0bfd elementor-widget elementor-widget-heading\" data-id=\"d8e0bfd\" data-element_type=\"widget\" data-e-type=\"widget\" data-widget_type=\"heading.default\">\n\t\t\t\t\t<h2 class=\"elementor-heading-title elementor-size-default\">Unsere Kinderschutzbeauftragten<\/h2>\t\t\t\t<\/div>\n\t\t\t\t<section class=\"elementor-section elementor-inner-section elementor-element elementor-element-bc3a226 elementor-section-boxed elementor-section-height-default elementor-section-height-default\" data-id=\"bc3a226\" data-element_type=\"section\" data-e-type=\"section\">\n\t\t\t\t\t\t<div class=\"elementor-container elementor-column-gap-default\">\n\t\t\t\t\t<div class=\"elementor-column elementor-col-50 elementor-inner-column elementor-element elementor-element-4d57081\" data-id=\"4d57081\" data-element_type=\"column\" data-e-type=\"column\">\n\t\t\t<div class=\"elementor-widget-wrap elementor-element-populated\">\n\t\t\t\t\t\t<div class=\"elementor-element elementor-element-843ace8 elementor-widget elementor-widget-image\" data-id=\"843ace8\" data-element_type=\"widget\" data-e-type=\"widget\" data-widget_type=\"image.default\">\n\t\t\t\t\t\t\t\t\t\t\t\t<figure class=\"wp-caption\">\n\t\t\t\t\t\t\t\t\t\t<img decoding=\"async\" width=\"300\" height=\"300\" src=\"https:\/\/www.viktoriamitte.de\/wp-content\/uploads\/2023\/09\/Marina_neu-300x300.webp\" class=\"attachment-medium size-medium wp-image-16439\" alt=\"\" srcset=\"https:\/\/www.viktoriamitte.de\/wp-content\/uploads\/2023\/09\/Marina_neu-300x300.webp 300w, https:\/\/www.viktoriamitte.de\/wp-content\/uploads\/2023\/09\/Marina_neu-150x150.webp 150w, https:\/\/www.viktoriamitte.de\/wp-content\/uploads\/2023\/09\/Marina_neu-12x12.webp 12w, https:\/\/www.viktoriamitte.de\/wp-content\/uploads\/2023\/09\/Marina_neu.webp 400w\" sizes=\"(max-width: 300px) 100vw, 300px\" \/>\t\t\t\t\t\t\t\t\t\t\t<figcaption class=\"widget-image-caption wp-caption-text\"><\/figcaption>\n\t\t\t\t\t\t\t\t\t\t<\/figure>\n\t\t\t\t\t\t\t\t\t<\/div>\n\t\t\t\t<div class=\"elementor-element elementor-element-e53abb7 elementor-widget elementor-widget-heading\" data-id=\"e53abb7\" data-element_type=\"widget\" data-e-type=\"widget\" data-widget_type=\"heading.default\">\n\t\t\t\t\t<h4 class=\"elementor-heading-title elementor-size-default\">Marina Medori\n<br>\n<br>\n<div>\n<h5>Kinderschutzbeauftragte\n<br>Kinderschutzfachkraft\n<br>\n<br>\n<\/h5><\/div><\/h4>\t\t\t\t<\/div>\n\t\t\t\t<div class=\"elementor-element elementor-element-e327f71 elementor-widget elementor-widget-text-editor\" data-id=\"e327f71\" data-element_type=\"widget\" data-e-type=\"widget\" data-widget_type=\"text-editor.default\">\n\t\t\t\t\t\t\t\t\t<div><span style=\"font-size: 16px;\">E-Mail: kinderschutz@viktoriamitte.de<\/span><\/div>\n<div>Tel: 030 55 27 46 74<\/div>\t\t\t\t\t\t\t\t<\/div>\n\t\t\t\t<div class=\"elementor-element elementor-element-99cfa0e elementor-widget elementor-widget-text-editor\" data-id=\"99cfa0e\" data-element_type=\"widget\" data-e-type=\"widget\" data-widget_type=\"text-editor.default\">\n\t\t\t\t\t\t\t\t\t<p>Nachweise:<\/p><ul><li><a href=\"https:\/\/www.viktoriamitte.de\/wp-content\/uploads\/2025\/11\/Zertifikat_KiSchuFKimSport_Biebl.pdf\" target=\"_blank\" rel=\"noopener\">Kinderschutzzertifikat vom Berliner Fu\u00dfball-Verband<\/a><\/li><li><a href=\"https:\/\/www.viktoriamitte.de\/wp-content\/uploads\/2025\/11\/Seminarbescheinigung_KiSchubeauftragte-im-Sport.pdf\" target=\"_blank\" rel=\"noopener\">Kinderschutzseminar vom Landessportbund<\/a><\/li><li><a href=\"https:\/\/www.viktoriamitte.de\/wp-content\/uploads\/2025\/11\/Seminar_KiSchuFachkraft_MarinaBiebl.pdf\" target=\"_blank\" rel=\"noopener\">Seminar \u201eKinderschutz-Fachkraft\u201c<\/a><\/li><li><a href=\"https:\/\/www.viktoriamitte.de\/wp-content\/uploads\/2025\/11\/Fortbildung_LSBKinderschutzsiegel-1.pdf\" target=\"_blank\" rel=\"noopener\">Fortbildung zur Erlangung des LSB Kinderschutzsiegels<\/a><\/li><li><a href=\"https:\/\/www.viktoriamitte.de\/wp-content\/uploads\/2025\/11\/Teilnahmebestaetigung_2BTFBKinderschutz-Sport-Konferenz.pdf\" target=\"_blank\" rel=\"noopener\">Teilnahmebest\u00e4tigung an der 2. Kinderschutz-Sport-Konferenz des BTFB<\/a><\/li><\/ul>\t\t\t\t\t\t\t\t<\/div>\n\t\t\t\t\t<\/div>\n\t\t<\/div>\n\t\t\t\t<div class=\"elementor-column elementor-col-50 elementor-inner-column elementor-element elementor-element-1c3bd8b\" data-id=\"1c3bd8b\" data-element_type=\"column\" data-e-type=\"column\">\n\t\t\t<div class=\"elementor-widget-wrap elementor-element-populated\">\n\t\t\t\t\t\t<div class=\"elementor-element elementor-element-a16fd26 elementor-widget elementor-widget-image\" data-id=\"a16fd26\" data-element_type=\"widget\" data-e-type=\"widget\" data-widget_type=\"image.default\">\n\t\t\t\t\t\t\t\t\t\t\t\t<figure class=\"wp-caption\">\n\t\t\t\t\t\t\t\t\t\t<img decoding=\"async\" width=\"300\" height=\"300\" src=\"https:\/\/www.viktoriamitte.de\/wp-content\/uploads\/2025\/10\/Alexander-Schneider-WS-300x300-1.png\" class=\"attachment-medium size-medium wp-image-32346\" alt=\"\" srcset=\"https:\/\/www.viktoriamitte.de\/wp-content\/uploads\/2025\/10\/Alexander-Schneider-WS-300x300-1.png 300w, https:\/\/www.viktoriamitte.de\/wp-content\/uploads\/2025\/10\/Alexander-Schneider-WS-300x300-1-150x150.png 150w\" sizes=\"(max-width: 300px) 100vw, 300px\" \/>\t\t\t\t\t\t\t\t\t\t\t<figcaption class=\"widget-image-caption wp-caption-text\"><\/figcaption>\n\t\t\t\t\t\t\t\t\t\t<\/figure>\n\t\t\t\t\t\t\t\t\t<\/div>\n\t\t\t\t<div class=\"elementor-element elementor-element-2ba9cea elementor-widget elementor-widget-heading\" data-id=\"2ba9cea\" data-element_type=\"widget\" data-e-type=\"widget\" data-widget_type=\"heading.default\">\n\t\t\t\t\t<h6 class=\"elementor-heading-title elementor-size-default\">Alexander Schneider\n<br>\n<br>\n<div>\n<h5>\nKinderschutzbeauftragter\n<br>\nKinderschutzfachkraft\n<br>\nInsoweit erfahrene Fachkraft (IseF)\n<br>\n<\/div><\/h6>\t\t\t\t<\/div>\n\t\t\t\t<div class=\"elementor-element elementor-element-8901850 elementor-widget elementor-widget-text-editor\" data-id=\"8901850\" data-element_type=\"widget\" data-e-type=\"widget\" data-widget_type=\"text-editor.default\">\n\t\t\t\t\t\t\t\t\t<div><span style=\"font-size: 16px;\">E-Mail: kinderschutz@viktoriamitte.de<\/span><br><\/div>\n<div>Tel: 030 55 27 46 74<\/div>\t\t\t\t\t\t\t\t<\/div>\n\t\t\t\t<div class=\"elementor-element elementor-element-e213d30 elementor-widget elementor-widget-text-editor\" data-id=\"e213d30\" data-element_type=\"widget\" data-e-type=\"widget\" data-widget_type=\"text-editor.default\">\n\t\t\t\t\t\t\t\t\t<p>Nachweise:<\/p><ul><li><a href=\"https:\/\/www.viktoriamitte.de\/wp-content\/uploads\/2025\/11\/Seminarbescheinigung_Alexander-Schneider_KiSchuFK-im-Sport.pdf\" target=\"_blank\" rel=\"noopener\">Seminar \u201eKinderschutzbeauftragte im Sport\u201c<\/a><\/li><li><a href=\"https:\/\/www.viktoriamitte.de\/wp-content\/uploads\/2025\/11\/Zertifikat_AlexanderSchneider_KSchF_Sexualisierte-Gewalt.pdf\" target=\"_blank\" rel=\"noopener\">Zertifikat \u201eKinderschutz-Fachkraft sexualisierte Gewalt\u201c<\/a><\/li><li><a href=\"https:\/\/www.viktoriamitte.de\/wp-content\/uploads\/2025\/11\/ZertifikatIseFAlexanderSchneider.pdf\" target=\"_blank\" rel=\"noopener\">Zertifikat \u201eKinderschutzfachkraft \/ Insoweit erfahrene Fachkraft\u201c<\/a><\/li><li><a href=\"https:\/\/www.viktoriamitte.de\/wp-content\/uploads\/2026\/04\/Zertifikat_Zertifikat_WS-Multiplikator_in_980635945.pdf\" target=\"_blank\" rel=\"noopener\">Teilnahme Workschop f\u00fcr Multiplikator*innen der Basisschulung Kinderschutz<\/a><\/li><\/ul>\t\t\t\t\t\t\t\t<\/div>\n\t\t\t\t\t<\/div>\n\t\t<\/div>\n\t\t\t\t\t<\/div>\n\t\t<\/section>\n\t\t\t\t<section class=\"elementor-section elementor-inner-section elementor-element elementor-element-9e4fd8a elementor-section-boxed elementor-section-height-default elementor-section-height-default\" data-id=\"9e4fd8a\" data-element_type=\"section\" data-e-type=\"section\">\n\t\t\t\t\t\t<div class=\"elementor-container elementor-column-gap-default\">\n\t\t\t\t\t<div class=\"elementor-column elementor-col-100 elementor-inner-column elementor-element elementor-element-f9e37d1\" data-id=\"f9e37d1\" data-element_type=\"column\" data-e-type=\"column\">\n\t\t\t<div class=\"elementor-widget-wrap elementor-element-populated\">\n\t\t\t\t\t\t<div class=\"elementor-element elementor-element-5949da8 elementor-widget elementor-widget-heading\" data-id=\"5949da8\" data-element_type=\"widget\" data-e-type=\"widget\" data-widget_type=\"heading.default\">\n\t\t\t\t\t<h2 class=\"elementor-heading-title elementor-size-default\">weitere Nachweise<\/h2>\t\t\t\t<\/div>\n\t\t\t\t<div class=\"elementor-element elementor-element-91d6e04 elementor-widget elementor-widget-text-editor\" data-id=\"91d6e04\" data-element_type=\"widget\" data-e-type=\"widget\" data-widget_type=\"text-editor.default\">\n\t\t\t\t\t\t\t\t\t<p>\u00a0<\/p><p><a href=\"https:\/\/www.viktoriamitte.de\/wp-content\/uploads\/2024\/10\/Kinderschutzerklaerung-1.pdf\" target=\"_blank\" rel=\"noopener\">Kinderschutzerkl\u00e4rung<\/a><br \/><a href=\"https:\/\/www.viktoriamitte.de\/wp-content\/uploads\/2026\/04\/Zertifikat_Zertifikat_WS-Multiplikator_in_359499247.pdf\" target=\"_blank\" rel=\"noopener\">Teilnahme Workshop f\u00fcr Multiplikator*innen der Basisschulung Kinderschutz &#8211; Maik Linnemann<\/a><br \/><a href=\"https:\/\/www.viktoriamitte.de\/wp-content\/uploads\/2026\/04\/Zertifikat_Kinderschutz-Fachkraft_KarinLinnemann18102023.pdf\" target=\"_blank\" rel=\"noopener\">Zertifikat Kinderschutz Fachkraft &#8211; Karin Linnemann<\/a><\/p>\t\t\t\t\t\t\t\t<\/div>\n\t\t\t\t\t<\/div>\n\t\t<\/div>\n\t\t\t\t\t<\/div>\n\t\t<\/section>\n\t\t\t\t<section class=\"elementor-section elementor-inner-section elementor-element elementor-element-929b2a9 elementor-section-boxed elementor-section-height-default elementor-section-height-default\" data-id=\"929b2a9\" data-element_type=\"section\" data-e-type=\"section\">\n\t\t\t\t\t\t<div class=\"elementor-container elementor-column-gap-default\">\n\t\t\t\t\t<div class=\"elementor-column elementor-col-50 elementor-inner-column elementor-element elementor-element-2a6958e\" data-id=\"2a6958e\" data-element_type=\"column\" data-e-type=\"column\">\n\t\t\t<div class=\"elementor-widget-wrap elementor-element-populated\">\n\t\t\t\t\t\t<div class=\"elementor-element elementor-element-460f36e elementor-widget__width-initial elementor-widget elementor-widget-image\" data-id=\"460f36e\" data-element_type=\"widget\" data-e-type=\"widget\" data-widget_type=\"image.default\">\n\t\t\t\t\t\t\t\t\t\t\t\t\t\t\t<img decoding=\"async\" src=\"https:\/\/www.viktoriamitte.de\/wp-content\/uploads\/2024\/11\/Kinderschutz_Postkasten-scaled.webp\" title=\"Kinderschutz_Postkasten\" alt=\"Kinderschutz_Postkasten\" loading=\"lazy\" \/>\t\t\t\t\t\t\t\t\t\t\t\t\t\t\t<\/div>\n\t\t\t\t\t<\/div>\n\t\t<\/div>\n\t\t\t\t<div class=\"elementor-column elementor-col-50 elementor-inner-column elementor-element elementor-element-83f24bf\" data-id=\"83f24bf\" data-element_type=\"column\" data-e-type=\"column\">\n\t\t\t<div class=\"elementor-widget-wrap elementor-element-populated\">\n\t\t\t\t\t\t<div class=\"elementor-element elementor-element-2811ff7 elementor-widget__width-initial elementor-widget elementor-widget-google_maps\" data-id=\"2811ff7\" data-element_type=\"widget\" data-e-type=\"widget\" data-widget_type=\"google_maps.default\">\n\t\t\t\t\t\t\t<div class=\"elementor-custom-embed\">\n\t\t\t<iframe loading=\"lazy\"\n\t\t\t\t\tsrc=\"https:\/\/maps.google.com\/maps?q=Stralsunder%20Str.%2022-24%2C13355%20Berlin&#038;t=m&#038;z=10&#038;output=embed&#038;iwloc=near\"\n\t\t\t\t\ttitle=\"Stralsunder Str. 22-24,13355 Berlin\"\n\t\t\t\t\taria-label=\"Stralsunder Str. 22-24,13355 Berlin\"\n\t\t\t><\/iframe>\n\t\t<\/div>\n\t\t\t\t\t\t<\/div>\n\t\t\t\t\t<\/div>\n\t\t<\/div>\n\t\t\t\t\t<\/div>\n\t\t<\/section>\n\t\t\t\t\t<\/div>\n\t\t<\/div>\n\t\t\t\t\t<\/div>\n\t\t<\/section>\n\t\t\t\t<section class=\"elementor-section elementor-top-section elementor-element elementor-element-d91e78a elementor-section-boxed elementor-section-height-default elementor-section-height-default\" data-id=\"d91e78a\" data-element_type=\"section\" data-e-type=\"section\">\n\t\t\t\t\t\t<div class=\"elementor-container elementor-column-gap-default\">\n\t\t\t\t\t<div class=\"elementor-column elementor-col-100 elementor-top-column elementor-element elementor-element-2fa3dfa\" data-id=\"2fa3dfa\" data-element_type=\"column\" data-e-type=\"column\">\n\t\t\t<div class=\"elementor-widget-wrap\">\n\t\t\t\t\t\t\t<\/div>\n\t\t<\/div>\n\t\t\t\t\t<\/div>\n\t\t<\/section>\n\t\t\t\t<section class=\"elementor-section elementor-top-section elementor-element elementor-element-b93b9c9 elementor-section-boxed elementor-section-height-default elementor-section-height-default\" data-id=\"b93b9c9\" data-element_type=\"section\" data-e-type=\"section\">\n\t\t\t\t\t\t<div class=\"elementor-container elementor-column-gap-default\">\n\t\t\t\t\t<div class=\"elementor-column elementor-col-100 elementor-top-column elementor-element elementor-element-45cb616\" data-id=\"45cb616\" data-element_type=\"column\" data-e-type=\"column\">\n\t\t\t<div class=\"elementor-widget-wrap elementor-element-populated\">\n\t\t\t\t\t\t<div class=\"elementor-element elementor-element-2140150 elementor-widget elementor-widget-text-editor\" data-id=\"2140150\" data-element_type=\"widget\" data-e-type=\"widget\" data-widget_type=\"text-editor.default\">\n\t\t\t\t\t\t\t\t\t<p>\u00a0<\/p><p><span style=\"color: #cd2817;\"><a style=\"color: #cd2817;\" href=\"https:\/\/sz-magazin.sueddeutsche.de\/die-loesung-fuer-alles\/kinder-kummerkasten-briefkasten-missbrauch-92374\"><span style=\"text-decoration: underline;\"><strong>S<\/strong><\/span><b><u><span style=\"text-decoration: underline;\"><strong>chreib, was du nicht sagen kannst.<\/strong><\/span><\/u><\/b><\/a><\/span><\/p><p>Auf unseren Sportpl\u00e4tzen in der Stralsunder Str. 22-24, 13355 Berlin und in der Behmstr. 29, 13357 Berlin findest du unsere roten Kinderschutz-Briefk\u00e4sten.<\/p>\t\t\t\t\t\t\t\t<\/div>\n\t\t\t\t\t<\/div>\n\t\t<\/div>\n\t\t\t\t\t<\/div>\n\t\t<\/section>\n\t\t\t\t<section class=\"elementor-section elementor-top-section elementor-element elementor-element-e88232d elementor-section-boxed elementor-section-height-default elementor-section-height-default\" data-id=\"e88232d\" data-element_type=\"section\" data-e-type=\"section\">\n\t\t\t\t\t\t<div class=\"elementor-container elementor-column-gap-default\">\n\t\t\t\t\t<div class=\"elementor-column elementor-col-100 elementor-top-column elementor-element elementor-element-c20acb1\" data-id=\"c20acb1\" data-element_type=\"column\" data-e-type=\"column\">\n\t\t\t<div class=\"elementor-widget-wrap elementor-element-populated\">\n\t\t\t\t\t\t<div class=\"elementor-element elementor-element-350ce02 elementor-widget elementor-widget-heading\" data-id=\"350ce02\" data-element_type=\"widget\" data-e-type=\"widget\" data-widget_type=\"heading.default\">\n\t\t\t\t\t<h2 class=\"elementor-heading-title elementor-size-default\">\u0634\u062c\u0639 \u0641\u0631\u064a\u0642\u0643!<\/h2>\t\t\t\t<\/div>\n\t\t\t\t<div class=\"elementor-element elementor-element-2659bb6 elementor-shape-rounded elementor-grid-0 e-grid-align-center elementor-widget elementor-widget-social-icons\" data-id=\"2659bb6\" data-element_type=\"widget\" data-e-type=\"widget\" data-widget_type=\"social-icons.default\">\n\t\t\t\t\t\t\t<div class=\"elementor-social-icons-wrapper elementor-grid\" role=\"list\">\n\t\t\t\t\t\t\t<span class=\"elementor-grid-item\" role=\"listitem\">\n\t\t\t\t\t<a class=\"elementor-icon elementor-social-icon elementor-social-icon-facebook elementor-repeater-item-5bfce70\" href=\"https:\/\/www.facebook.com\/viktoriamitte\" target=\"_blank\">\n\t\t\t\t\t\t<span class=\"elementor-screen-only\">\u0641\u064a\u0633\u0628\u0648\u0643<\/span>\n\t\t\t\t\t\t<svg aria-hidden=\"true\" class=\"e-font-icon-svg e-fab-facebook\" viewbox=\"0 0 512 512\" xmlns=\"http:\/\/www.w3.org\/2000\/svg\"><path d=\"M504 256C504 119 393 8 256 8S8 119 8 256c0 123.78 90.69 226.38 209.25 245V327.69h-63V256h63v-54.64c0-62.15 37-96.48 93.67-96.48 27.14 0 55.52 4.84 55.52 4.84v61h-31.28c-30.8 0-40.41 19.12-40.41 38.73V256h68.78l-11 71.69h-57.78V501C413.31 482.38 504 379.78 504 256z\"><\/path><\/svg>\t\t\t\t\t<\/a>\n\t\t\t\t<\/span>\n\t\t\t\t\t\t\t<span class=\"elementor-grid-item\" role=\"listitem\">\n\t\t\t\t\t<a class=\"elementor-icon elementor-social-icon elementor-social-icon-youtube elementor-repeater-item-55874ed\" href=\"https:\/\/www.youtube.com\/channel\/UCqKLm5nxrXwwgpOS5eYDpcA\" target=\"_blank\">\n\t\t\t\t\t\t<span class=\"elementor-screen-only\">\u064a\u0648\u062a\u064a\u0648\u0628<\/span>\n\t\t\t\t\t\t<svg aria-hidden=\"true\" class=\"e-font-icon-svg e-fab-youtube\" viewbox=\"0 0 576 512\" xmlns=\"http:\/\/www.w3.org\/2000\/svg\"><path d=\"M549.655 124.083c-6.281-23.65-24.787-42.276-48.284-48.597C458.781 64 288 64 288 64S117.22 64 74.629 75.486c-23.497 6.322-42.003 24.947-48.284 48.597-11.412 42.867-11.412 132.305-11.412 132.305s0 89.438 11.412 132.305c6.281 23.65 24.787 41.5 48.284 47.821C117.22 448 288 448 288 448s170.78 0 213.371-11.486c23.497-6.321 42.003-24.171 48.284-47.821 11.412-42.867 11.412-132.305 11.412-132.305s0-89.438-11.412-132.305zm-317.51 213.508V175.185l142.739 81.205-142.739 81.201z\"><\/path><\/svg>\t\t\t\t\t<\/a>\n\t\t\t\t<\/span>\n\t\t\t\t\t\t\t<span class=\"elementor-grid-item\" role=\"listitem\">\n\t\t\t\t\t<a class=\"elementor-icon elementor-social-icon elementor-social-icon-instagram elementor-repeater-item-3041252\" href=\"https:\/\/www.instagram.com\/viktoriamitte\/\" target=\"_blank\">\n\t\t\t\t\t\t<span class=\"elementor-screen-only\">\u0627\u0646\u0633\u062a\u063a\u0631\u0627\u0645<\/span>\n\t\t\t\t\t\t<svg aria-hidden=\"true\" class=\"e-font-icon-svg e-fab-instagram\" viewbox=\"0 0 448 512\" xmlns=\"http:\/\/www.w3.org\/2000\/svg\"><path d=\"M224.1 141c-63.6 0-114.9 51.3-114.9 114.9s51.3 114.9 114.9 114.9S339 319.5 339 255.9 287.7 141 224.1 141zm0 189.6c-41.1 0-74.7-33.5-74.7-74.7s33.5-74.7 74.7-74.7 74.7 33.5 74.7 74.7-33.6 74.7-74.7 74.7zm146.4-194.3c0 14.9-12 26.8-26.8 26.8-14.9 0-26.8-12-26.8-26.8s12-26.8 26.8-26.8 26.8 12 26.8 26.8zm76.1 27.2c-1.7-35.9-9.9-67.7-36.2-93.9-26.2-26.2-58-34.4-93.9-36.2-37-2.1-147.9-2.1-184.9 0-35.8 1.7-67.6 9.9-93.9 36.1s-34.4 58-36.2 93.9c-2.1 37-2.1 147.9 0 184.9 1.7 35.9 9.9 67.7 36.2 93.9s58 34.4 93.9 36.2c37 2.1 147.9 2.1 184.9 0 35.9-1.7 67.7-9.9 93.9-36.2 26.2-26.2 34.4-58 36.2-93.9 2.1-37 2.1-147.8 0-184.8zM398.8 388c-7.8 19.6-22.9 34.7-42.6 42.6-29.5 11.7-99.5 9-132.1 9s-102.7 2.6-132.1-9c-19.6-7.8-34.7-22.9-42.6-42.6-11.7-29.5-9-99.5-9-132.1s-2.6-102.7 9-132.1c7.8-19.6 22.9-34.7 42.6-42.6 29.5-11.7 99.5-9 132.1-9s102.7-2.6 132.1 9c19.6 7.8 34.7 22.9 42.6 42.6 11.7 29.5 9 99.5 9 132.1s2.7 102.7-9 132.1z\"><\/path><\/svg>\t\t\t\t\t<\/a>\n\t\t\t\t<\/span>\n\t\t\t\t\t<\/div>\n\t\t\t\t\t\t<\/div>\n\t\t\t\t\t<\/div>\n\t\t<\/div>\n\t\t\t\t\t<\/div>\n\t\t<\/section>\n\t\t\t\t<section class=\"elementor-section elementor-top-section elementor-element elementor-element-7423805 elementor-section-boxed elementor-section-height-default elementor-section-height-default\" data-id=\"7423805\" data-element_type=\"section\" data-e-type=\"section\">\n\t\t\t\t\t\t<div class=\"elementor-container elementor-column-gap-default\">\n\t\t\t\t\t\t<\/div>\n\t\t<\/section>\n\t\t\t\t<section class=\"elementor-section elementor-top-section elementor-element elementor-element-7ecf790 elementor-section-boxed elementor-section-height-default elementor-section-height-default\" data-id=\"7ecf790\" data-element_type=\"section\" data-e-type=\"section\">\n\t\t\t\t\t\t<div class=\"elementor-container elementor-column-gap-default\">\n\t\t\t\t\t<div class=\"elementor-column elementor-col-100 elementor-top-column elementor-element elementor-element-a0baf56\" data-id=\"a0baf56\" data-element_type=\"column\" data-e-type=\"column\">\n\t\t\t<div class=\"elementor-widget-wrap\">\n\t\t\t\t\t\t\t<\/div>\n\t\t<\/div>\n\t\t\t\t\t<\/div>\n\t\t<\/section>\n\t\t\t\t<\/div>","protected":false},"excerpt":{"rendered":"<p>Kinderschutz bei Viktoria Mitte Viktoria Mitte ist sich als Sportverein der besonderen Verantwortung im Umgang mit Kindern und Jugendlichen bewusst. Wir m\u00f6chten die Aufmerksamkeit f\u00fcr Probleme sch\u00e4rfen und Ma\u00dfnahmen zum Schutz von Kindern und Jugendlichen konsequent umsetzen. Ein Schutzschirm im Verein kann nur funktionieren, wenn wir intern die Voraussetzungen zum Schutz erf\u00fcllen und eine Kultur [&hellip;]<\/p>\n","protected":false},"author":1,"featured_media":0,"parent":0,"menu_order":0,"comment_status":"closed","ping_status":"closed","template":"elementor_header_footer","meta":{"ocean_post_layout":"","ocean_both_sidebars_style":"","ocean_both_sidebars_content_width":0,"ocean_both_sidebars_sidebars_width":0,"ocean_sidebar":"sidebar","ocean_second_sidebar":"0","ocean_disable_margins":"enable","ocean_add_body_class":"","ocean_shortcode_before_top_bar":"","ocean_shortcode_after_top_bar":"","ocean_shortcode_before_header":"","ocean_shortcode_after_header":"","ocean_has_shortcode":"","ocean_shortcode_after_title":"","ocean_shortcode_before_footer_widgets":"","ocean_shortcode_after_footer_widgets":"","ocean_shortcode_before_footer_bottom":"","ocean_shortcode_after_footer_bottom":"","ocean_display_top_bar":"default","ocean_display_header":"default","ocean_header_style":"","ocean_center_header_left_menu":"0","ocean_custom_header_template":"0","ocean_custom_logo":0,"ocean_custom_retina_logo":0,"ocean_custom_logo_max_width":0,"ocean_custom_logo_tablet_max_width":0,"ocean_custom_logo_mobile_max_width":0,"ocean_custom_logo_max_height":0,"ocean_custom_logo_tablet_max_height":0,"ocean_custom_logo_mobile_max_height":0,"ocean_header_custom_menu":"0","ocean_menu_typo_font_family":"0","ocean_menu_typo_font_subset":"","ocean_menu_typo_font_size":0,"ocean_menu_typo_font_size_tablet":0,"ocean_menu_typo_font_size_mobile":0,"ocean_menu_typo_font_size_unit":"px","ocean_menu_typo_font_weight":"","ocean_menu_typo_font_weight_tablet":"","ocean_menu_typo_font_weight_mobile":"","ocean_menu_typo_transform":"","ocean_menu_typo_transform_tablet":"","ocean_menu_typo_transform_mobile":"","ocean_menu_typo_line_height":0,"ocean_menu_typo_line_height_tablet":0,"ocean_menu_typo_line_height_mobile":0,"ocean_menu_typo_line_height_unit":"","ocean_menu_typo_spacing":0,"ocean_menu_typo_spacing_tablet":0,"ocean_menu_typo_spacing_mobile":0,"ocean_menu_typo_spacing_unit":"","ocean_menu_link_color":"","ocean_menu_link_color_hover":"","ocean_menu_link_color_active":"","ocean_menu_link_background":"","ocean_menu_link_hover_background":"","ocean_menu_link_active_background":"","ocean_menu_social_links_bg":"","ocean_menu_social_hover_links_bg":"","ocean_menu_social_links_color":"","ocean_menu_social_hover_links_color":"","ocean_disable_title":"on","ocean_disable_heading":"default","ocean_post_title":"","ocean_post_subheading":"","ocean_post_title_style":"","ocean_post_title_background_color":"","ocean_post_title_background":0,"ocean_post_title_bg_image_position":"","ocean_post_title_bg_image_attachment":"","ocean_post_title_bg_image_repeat":"","ocean_post_title_bg_image_size":"","ocean_post_title_height":0,"ocean_post_title_bg_overlay":0.5,"ocean_post_title_bg_overlay_color":"","ocean_disable_breadcrumbs":"default","ocean_breadcrumbs_color":"","ocean_breadcrumbs_separator_color":"","ocean_breadcrumbs_links_color":"","ocean_breadcrumbs_links_hover_color":"","ocean_display_footer_widgets":"default","ocean_display_footer_bottom":"default","ocean_custom_footer_template":"0","footnotes":""},"class_list":["post-613","page","type-page","status-publish","hentry","entry"],"_links":{"self":[{"href":"https:\/\/www.viktoriamitte.de\/ar\/wp-json\/wp\/v2\/pages\/613","targetHints":{"allow":["GET"]}}],"collection":[{"href":"https:\/\/www.viktoriamitte.de\/ar\/wp-json\/wp\/v2\/pages"}],"about":[{"href":"https:\/\/www.viktoriamitte.de\/ar\/wp-json\/wp\/v2\/types\/page"}],"author":[{"embeddable":true,"href":"https:\/\/www.viktoriamitte.de\/ar\/wp-json\/wp\/v2\/users\/1"}],"replies":[{"embeddable":true,"href":"https:\/\/www.viktoriamitte.de\/ar\/wp-json\/wp\/v2\/comments?post=613"}],"version-history":[{"count":314,"href":"https:\/\/www.viktoriamitte.de\/ar\/wp-json\/wp\/v2\/pages\/613\/revisions"}],"predecessor-version":[{"id":33870,"href":"https:\/\/www.viktoriamitte.de\/ar\/wp-json\/wp\/v2\/pages\/613\/revisions\/33870"}],"wp:attachment":[{"href":"https:\/\/www.viktoriamitte.de\/ar\/wp-json\/wp\/v2\/media?parent=613"}],"curies":[{"name":"wp","href":"https:\/\/api.w.org\/{rel}","templated":true}]}}